{"id":1671,"date":"2022-06-01T18:21:55","date_gmt":"2022-06-01T17:21:55","guid":{"rendered":"http:\/\/www.mittel-punkt-ev.de\/?post_type=puenktchen&#038;p=1671"},"modified":"2022-12-30T10:50:21","modified_gmt":"2022-12-30T09:50:21","slug":"marcus","status":"publish","type":"puenktchen","link":"http:\/\/www.mittel-punkt-ev.de\/?puenktchen=marcus","title":{"rendered":"Marcus"},"content":{"rendered":"<div class=\"moz-text-html\" lang=\"x-unicode\">\n<div>\n<div class=\"moz-text-html\" lang=\"x-unicode\">\n<div>\n<div>\n<div>Ein kleiner Wunsch mit gro\u00dfer Wirkung<\/div>\n<\/div>\n<div>\n<div>&#8222;Ich m\u00f6chte, dass mein Papa mit mir Fahrrad fahren kann\u2026.<img decoding=\"async\" src=\"https:\/\/static.xx.fbcdn.net\/images\/emoji.php\/v9\/tde\/1\/16\/1f6b2.png\" alt=\"\ud83d\udeb2\" width=\"16\" height=\"16\" \/>&#8220; (Lona, 3 Jahre)<\/div>\n<\/div>\n<div>\n<div>Stark durch und f\u00fcr die Liebe\u2026<img decoding=\"async\" src=\"https:\/\/static.xx.fbcdn.net\/images\/emoji.php\/v9\/t6c\/1\/16\/2764.png\" alt=\"\u2764\" width=\"16\" height=\"16\" \/><\/div>\n<\/div>\n<div>\n<div>das bist du, lieber Marcus. Mit dir und deiner Frau Dajana durften wir ein sehr emotionales Gespr\u00e4ch f\u00fchren.<\/div>\n<\/div>\n<div>\n<div>\u201eFr\u00fcher war ich Death Metaller. Heute kann ich nicht mal mehr eine M\u00fccke jagen.\u201c<img decoding=\"async\" src=\"https:\/\/static.xx.fbcdn.net\/images\/emoji.php\/v9\/tbd\/1\/16\/1f62a.png\" alt=\"\ud83d\ude2a\" width=\"16\" height=\"16\" \/><\/div>\n<\/div>\n<div>\n<div>Du warst einst Leader in einer bekannten Band und bist durch Europa gereist. Irgendwann erschwerten schlimme Kopfschmerzen deinen Alltag. Du bist immer wieder zum Arzt gegangen, doch dort wurde dir gesagt, dass du \u00fcberlastet seist. Bis zu dem Tag im Jahr 2014, als dann doch dieser 6&#215;5 cm gro\u00dfe Tumor in deinem Kopf festgestellt wurde. Dieser wurde w\u00e4hrend einer 12st\u00fcndigen Operation entfernt<img loading=\"lazy\" decoding=\"async\" src=\"https:\/\/static.xx.fbcdn.net\/images\/emoji.php\/v9\/t7b\/1\/16\/1f3e5.png\" alt=\"\ud83c\udfe5\" width=\"16\" height=\"16\" \/>. Leider verlief dabei nicht alles komplikationslos, so dass du f\u00fcr 7 Wochen ins k\u00fcnstliche Koma gelegt werden musstest.<\/div>\n<\/div>\n<div>\n<div>Nach deiner Entlassung ging es direkt f\u00fcr 1 Jahr zur Reha. Du musstest ALLES neu erlernen. Reden, selbstst\u00e4ndiges Essen, Laufen, Anziehen\u2026.einfach alles.<\/div>\n<\/div>\n<div>\n<div>Als du wieder einigerma\u00dfen auf der PC-Tastatur tippen konnte, schriebst du deine Jugendliebe Dajana, die du 12 Jahre nicht gesehen hattest, an<img decoding=\"async\" src=\"https:\/\/static.xx.fbcdn.net\/images\/emoji.php\/v9\/t6c\/1\/16\/2764.png\" alt=\"\u2764\" width=\"16\" height=\"16\" \/>. Sie besuchte dich bei der Reha. Du \u00f6ffnetest ihr im Rollstuhl und mit vielen k\u00f6rperlichen Einschr\u00e4nkungen die T\u00fcr.<\/div>\n<div>Trotz allem verliebte sich Dajana nochmal neu in dich. 2018 hab ihr euch das JA-Wort gegeben.<img loading=\"lazy\" decoding=\"async\" src=\"https:\/\/static.xx.fbcdn.net\/images\/emoji.php\/v9\/te5\/1\/16\/1f492.png\" alt=\"\ud83d\udc92\" width=\"16\" height=\"16\" \/><\/div>\n<\/div>\n<div>\n<div>Ein gemeinsames Kind sollte dieses Familiengl\u00fcck perfekt machen. Doch dieser sehnlichste Wunsch gestaltete sich schwierig. Dajana erkrankte an Geb\u00e4rmutterhalskrebs<img decoding=\"async\" src=\"https:\/\/static.xx.fbcdn.net\/images\/emoji.php\/v9\/tbd\/1\/16\/1f62a.png\" alt=\"\ud83d\ude2a\" width=\"16\" height=\"16\" \/>. Nach unz\u00e4hligen Therapien und Tr\u00e4nen konnten sie ihr gr\u00f6\u00dftes Gl\u00fcck 2019 in die Arme schlie\u00dfen. Ihre Tochter Lona. Leider verlief die Schwangerschaft alles andere als sch\u00f6n. Dajana ging es in dieser Zeit sehr schlecht. In der 20. Schwangerschaftswoche musste sie in die Klinik, da ein Leberriss drohte.<\/div>\n<div>In der 31. Schwangerschaftswoche wurde bei Lona ein Herzfehler festgestellt und sie musste als Fr\u00fchchen per Notkaiserschnitt entbunden werden. Heute geht es diesem Sonnenschein gut und sie gibt allen die notwendige Kraft, dieses Leben zu genie\u00dfen.<img loading=\"lazy\" decoding=\"async\" src=\"https:\/\/static.xx.fbcdn.net\/images\/emoji.php\/v9\/t5f\/1\/16\/1f31e.png\" alt=\"\ud83c\udf1e\" width=\"16\" height=\"16\" \/><\/div>\n<\/div>\n<div>\n<div>++++++++++<\/div>\n<\/div>\n<div>\n<div>Lona m\u00f6chte so gern mit ihrem Papa Fahrrad fahren. Da Marcus keinen Gleichgewichtssinn hat, braucht er ein Erwachsenen-Dreirad. Wir vom Mittel-Punkt e.V. m\u00f6chten Marcus und seiner Familie diesen Wunsch gern erf\u00fcllen. Das geht nur mit EURER Hilfe. Helft mit, Marcus, Dajana und der kleinen Lona gemeinsame Fahrradausfl\u00fcge zu erm\u00f6glichen.<img loading=\"lazy\" decoding=\"async\" src=\"https:\/\/static.xx.fbcdn.net\/images\/emoji.php\/v9\/t80\/1\/16\/1f64f.png\" alt=\"\ud83d\ude4f\" width=\"16\" height=\"16\" \/><img loading=\"lazy\" decoding=\"async\" src=\"https:\/\/static.xx.fbcdn.net\/images\/emoji.php\/v9\/t80\/1\/16\/1f64f.png\" alt=\"\ud83d\ude4f\" width=\"16\" height=\"16\" \/><\/div>\n<\/div>\n<\/div>\n<div>\n<div class=\"moz-text-html\" lang=\"x-unicode\">\n<div>\n<div>Juli 22<\/div>\n<div>Wir haben f\u00fcr ihn eine Spendenaktion ins Leben gerufen, damit er mit seiner Familie Fahrrad<img loading=\"lazy\" decoding=\"async\" src=\"https:\/\/static.xx.fbcdn.net\/images\/emoji.php\/v9\/t61\/1\/16\/1f6b5.png\" alt=\"\ud83d\udeb5\" width=\"16\" height=\"16\" \/> fahren kann. Wir waren von der riesigen Anteilnahme \u00fcberw\u00e4ltigt. <img loading=\"lazy\" decoding=\"async\" src=\"https:\/\/static.xx.fbcdn.net\/images\/emoji.php\/v9\/tfe\/1\/16\/1f44f.png\" alt=\"\ud83d\udc4f\" width=\"16\" height=\"16\" \/><\/div>\n<div>\n<div>\n<div>Dank der vielen und gro\u00dfz\u00fcgigen Spenden ist es uns m\u00f6glich gemacht worden, ihm und seiner Familie diesen riesigen Wunsch zu erf\u00fcllen.<img loading=\"lazy\" decoding=\"async\" src=\"https:\/\/static.xx.fbcdn.net\/images\/emoji.php\/v9\/t80\/1\/16\/1f64f.png\" alt=\"\ud83d\ude4f\" width=\"16\" height=\"16\" \/><\/div>\n<\/div>\n<div>\n<div>Wir bedanken uns bei den Hauptsponsoren @Technikzentrum Chemnitz, bestehend aus den Firmen <a tabindex=\"0\" role=\"link\" href=\"https:\/\/www.facebook.com\/werkzeugeylert?__cft__[0]=AZUcZ5dWyJXqNM3tRwOK2oaxuCjsCuY7xmdQje7XTW0Ku6si8oNkBMMO3UuNCdF2oH9SGAWHjoflSLJx3Tphh_cZfM5HM1t7cVCVF5jwdkQQwIk1mdPIr3B4W3mJaSItU2jeN5lcL5z9gm29ytaVBbieGBK0X1X25Yj-dcznxv7NHvC1SB2k5LBtE0HZrD4tqa0&amp;__tn__=-]K-R\">Werkzeug-Eylert GmbH &amp; Co.KG<\/a> ,<a tabindex=\"0\" role=\"link\" href=\"https:\/\/www.facebook.com\/BetecBefestigungstechnik\/?__cft__[0]=AZUcZ5dWyJXqNM3tRwOK2oaxuCjsCuY7xmdQje7XTW0Ku6si8oNkBMMO3UuNCdF2oH9SGAWHjoflSLJx3Tphh_cZfM5HM1t7cVCVF5jwdkQQwIk1mdPIr3B4W3mJaSItU2jeN5lcL5z9gm29ytaVBbieGBK0X1X25Yj-dcznxv7NHvC1SB2k5LBtE0HZrD4tqa0&amp;__tn__=kK-R\">BETEC Befestigungstechnik GmbH<\/a> @Eyltex, @Dynatec und @Mobiltec, dem @Lions Club Wasserschloss Klaffenbach, bei <a tabindex=\"0\" role=\"link\" href=\"https:\/\/www.facebook.com\/radstopchemnitz?__cft__[0]=AZUcZ5dWyJXqNM3tRwOK2oaxuCjsCuY7xmdQje7XTW0Ku6si8oNkBMMO3UuNCdF2oH9SGAWHjoflSLJx3Tphh_cZfM5HM1t7cVCVF5jwdkQQwIk1mdPIr3B4W3mJaSItU2jeN5lcL5z9gm29ytaVBbieGBK0X1X25Yj-dcznxv7NHvC1SB2k5LBtE0HZrD4tqa0&amp;__tn__=-]K-R\">Radstop Chemnitz<\/a>Kappler Drehe, bei @Michael Rost\/ I-concept GmbH und nat\u00fcrlich auch bei allen anderen. <img loading=\"lazy\" decoding=\"async\" src=\"https:\/\/static.xx.fbcdn.net\/images\/emoji.php\/v9\/t80\/1\/16\/1f64f.png\" alt=\"\ud83d\ude4f\" width=\"16\" height=\"16\" \/><img loading=\"lazy\" decoding=\"async\" src=\"https:\/\/static.xx.fbcdn.net\/images\/emoji.php\/v9\/t6c\/1\/16\/2764.png\" alt=\"\u2764\ufe0f\" width=\"16\" height=\"16\" \/><\/div>\n<div><\/div>\n<\/div>\n<div>\n<div>********************<\/div>\n<\/div>\n<div>\n<div>Marcus dankte uns nochmals schriftlich und wir m\u00f6chten diese Zeilen auszugsweise gern mit euch teilen.<img loading=\"lazy\" decoding=\"async\" src=\"https:\/\/static.xx.fbcdn.net\/images\/emoji.php\/v9\/tfb\/1\/16\/263a.png\" alt=\"\u263a\ufe0f\" width=\"16\" height=\"16\" \/><img loading=\"lazy\" decoding=\"async\" src=\"https:\/\/static.xx.fbcdn.net\/images\/emoji.php\/v9\/t87\/1\/16\/1f340.png\" alt=\"\ud83c\udf40\" width=\"16\" height=\"16\" \/><\/div>\n<\/div>\n<div>\n<div>Huhu, Ihr lieben!<\/div>\n<div>Danke, dass ihr uns das erm\u00f6glicht habt!<\/div>\n<div>Es ist f\u00fcr mich\/uns nicht selbstverst\u00e4ndlich. Seit 2014 (Erkrankung) war nicht immer alles toll.<\/div>\n<div>Das Fahrrad gibt uns neue Energie, wird uns sch\u00f6ne Momente schenken, uns als Familie gemeinsame Ausfahrten erm\u00f6glichen. Die Zeit, wo ich auf meine beiden Lieben warten mussten, ist nun vorbei. Nun k\u00f6nnen wir den Tag noch mehr zusammen verbringen. Danke sch\u00f6n!!!<\/div>\n<div>Ihr habt mir echt ein riesiges Geschenk gemacht, vom Preis abgesehen. Dieses Geschenk ist nicht nur ein materielles Geschenk, es kommt vom Herzen und geht zum Herzen. Ich hatte glaube in meinen 38 Jahren auf diesem Erdball nie so ein gl\u00fcckliches Gef\u00fchl, nat\u00fcrlich abgesehen von meiner Familie, die ich \u00fcber alles liebe.<\/div>\n<div>F\u00fcr mich ist z.Zt. echt wenig schon viel, auch wenn es nicht den Anschein gegen\u00fcber meiner Familie macht. Die kleinste Anstrengung kostet echt massig Energie.<\/div>\n<div>Aus dem Rollstuhl aufgestanden und laufen ist nicht so selbstverst\u00e4ndlich wie fr\u00fcher, es kostet massig Kraft im Unterbewusstsein.<\/div>\n<div>Wenn man nicht am &#8222;Ball&#8220; bleibt, verschlechtert sich der Zustand \u2013 z.Bsp. das Laufen. Deswegen bin ich sehr froh \u00fcber dieses Fahrrad. Denn diese Energie (die ben\u00f6tigt wird) geht \u00fcber in das Familienleben, und somit den richtigen Weg.<\/div>\n<div>Was ich in letzter Zeit an Freudentr\u00e4nen geopfert habe, habe ich in 38 Jahren nicht aus meinem K\u00f6rper gelassen.<\/div>\n<div>Was ich damit sagen m\u00f6chte ist DANKE, ihr seid Engel.<\/div>\n<\/div>\n<div>\n<div>*********************<\/div>\n<\/div>\n<div>\n<div>Diese lieben Zeilen sprechen f\u00fcr sich. Wir w\u00fcnschen Marcus und seiner Familie viele tolle Fahrradausfl\u00fcge und ganz viel Gl\u00fcck f\u00fcr die Zukunft<img loading=\"lazy\" decoding=\"async\" src=\"https:\/\/static.xx.fbcdn.net\/images\/emoji.php\/v9\/t87\/1\/16\/1f340.png\" alt=\"\ud83c\udf40\" width=\"16\" height=\"16\" \/><\/div>\n<\/div>\n<\/div>\n<\/div>\n<\/div>\n<\/div>\n<\/div>\n<\/div>\n<\/div>\n","protected":false},"featured_media":1673,"menu_order":0,"template":"","format":"standard","meta":{"_acf_changed":false,"ocean_post_layout":"","ocean_both_sidebars_style":"","ocean_both_sidebars_content_width":0,"ocean_both_sidebars_sidebars_width":0,"ocean_sidebar":"","ocean_second_sidebar":"","ocean_disable_margins":"enable","ocean_add_body_class":"","ocean_shortcode_before_top_bar":"","ocean_shortcode_after_top_bar":"","ocean_shortcode_before_header":"","ocean_shortcode_after_header":"","ocean_has_shortcode":"","ocean_shortcode_after_title":"","ocean_shortcode_before_footer_widgets":"","ocean_shortcode_after_footer_widgets":"","ocean_shortcode_before_footer_bottom":"","ocean_shortcode_after_footer_bottom":"","ocean_display_top_bar":"default","ocean_display_header":"default","ocean_header_style":"","ocean_center_header_left_menu":"","ocean_custom_header_template":"","ocean_custom_logo":0,"ocean_custom_retina_logo":0,"ocean_custom_logo_max_width":0,"ocean_custom_logo_tablet_max_width":0,"ocean_custom_logo_mobile_max_width":0,"ocean_custom_logo_max_height":0,"ocean_custom_logo_tablet_max_height":0,"ocean_custom_logo_mobile_max_height":0,"ocean_header_custom_menu":"","ocean_menu_typo_font_family":"","ocean_menu_typo_font_subset":"","ocean_menu_typo_font_size":0,"ocean_menu_typo_font_size_tablet":0,"ocean_menu_typo_font_size_mobile":0,"ocean_menu_typo_font_size_unit":"px","ocean_menu_typo_font_weight":"","ocean_menu_typo_font_weight_tablet":"","ocean_menu_typo_font_weight_mobile":"","ocean_menu_typo_transform":"","ocean_menu_typo_transform_tablet":"","ocean_menu_typo_transform_mobile":"","ocean_menu_typo_line_height":0,"ocean_menu_typo_line_height_tablet":0,"ocean_menu_typo_line_height_mobile":0,"ocean_menu_typo_line_height_unit":"","ocean_menu_typo_spacing":0,"ocean_menu_typo_spacing_tablet":0,"ocean_menu_typo_spacing_mobile":0,"ocean_menu_typo_spacing_unit":"","ocean_menu_link_color":"","ocean_menu_link_color_hover":"","ocean_menu_link_color_active":"","ocean_menu_link_background":"","ocean_menu_link_hover_background":"","ocean_menu_link_active_background":"","ocean_menu_social_links_bg":"","ocean_menu_social_hover_links_bg":"","ocean_menu_social_links_color":"","ocean_menu_social_hover_links_color":"","ocean_disable_title":"default","ocean_disable_heading":"default","ocean_post_title":"","ocean_post_subheading":"","ocean_post_title_style":"","ocean_post_title_background_color":"","ocean_post_title_background":0,"ocean_post_title_bg_image_position":"","ocean_post_title_bg_image_attachment":"","ocean_post_title_bg_image_repeat":"","ocean_post_title_bg_image_size":"","ocean_post_title_height":0,"ocean_post_title_bg_overlay":0.5,"ocean_post_title_bg_overlay_color":"","ocean_disable_breadcrumbs":"default","ocean_breadcrumbs_color":"","ocean_breadcrumbs_separator_color":"","ocean_breadcrumbs_links_color":"","ocean_breadcrumbs_links_hover_color":"","ocean_display_footer_widgets":"default","ocean_display_footer_bottom":"default","ocean_custom_footer_template":""},"categories":[12],"tags":[],"class_list":["post-1671","puenktchen","type-puenktchen","status-publish","format-standard","has-post-thumbnail","hentry","category-punktchen","entry","has-media"],"acf":[],"_links":{"self":[{"href":"http:\/\/www.mittel-punkt-ev.de\/index.php?rest_route=\/wp\/v2\/puenktchen\/1671","targetHints":{"allow":["GET"]}}],"collection":[{"href":"http:\/\/www.mittel-punkt-ev.de\/index.php?rest_route=\/wp\/v2\/puenktchen"}],"about":[{"href":"http:\/\/www.mittel-punkt-ev.de\/index.php?rest_route=\/wp\/v2\/types\/puenktchen"}],"version-history":[{"count":4,"href":"http:\/\/www.mittel-punkt-ev.de\/index.php?rest_route=\/wp\/v2\/puenktchen\/1671\/revisions"}],"predecessor-version":[{"id":1758,"href":"http:\/\/www.mittel-punkt-ev.de\/index.php?rest_route=\/wp\/v2\/puenktchen\/1671\/revisions\/1758"}],"wp:featuredmedia":[{"embeddable":true,"href":"http:\/\/www.mittel-punkt-ev.de\/index.php?rest_route=\/wp\/v2\/media\/1673"}],"wp:attachment":[{"href":"http:\/\/www.mittel-punkt-ev.de\/index.php?rest_route=%2Fwp%2Fv2%2Fmedia&parent=1671"}],"wp:term":[{"taxonomy":"category","embeddable":true,"href":"http:\/\/www.mittel-punkt-ev.de\/index.php?rest_route=%2Fwp%2Fv2%2Fcategories&post=1671"},{"taxonomy":"post_tag","embeddable":true,"href":"http:\/\/www.mittel-punkt-ev.de\/index.php?rest_route=%2Fwp%2Fv2%2Ftags&post=1671"}],"curies":[{"name":"wp","href":"https:\/\/api.w.org\/{rel}","templated":true}]}}