{"id":1959,"date":"2023-05-15T13:49:59","date_gmt":"2023-05-15T12:49:59","guid":{"rendered":"https:\/\/www.mittel-punkt-ev.de\/?post_type=puenktchen&#038;p=1959"},"modified":"2024-08-30T13:53:29","modified_gmt":"2024-08-30T12:53:29","slug":"katrin","status":"publish","type":"puenktchen","link":"http:\/\/www.mittel-punkt-ev.de\/?puenktchen=katrin","title":{"rendered":"Katrin"},"content":{"rendered":"<p>Du bist 47 Jahre alt und leidest seit vielen Jahren an schlimmer Epilepsie\ud83d\ude48. Du hast gelernt mit den vielen Anf\u00e4llen umzugehen, wei\u00dft genau, wann ein Anfall naht und triffst dann alle Vorkehrungen, um dir keine Verletzungen oder Schlimmeres zuzuziehen\u263a\ufe0f.<\/p>\n<p>Aufgrund deiner Erkrankung konntest du nie den F\u00fchrerschein machen. Das bedeutet, du bist auf \u00f6ffentliche Verkehrsmittel angewiesen\ud83d\ude8e\ud83d\ude8d\ud83d\ude8b. Doch seit etwa 5 Jahren leidest du zus\u00e4tzlich an einer Angsterkrankung und bist daher nicht mehr in der Lage, \u00f6ffentliche Verkehrsmittel zu nutzen.<\/p>\n<p>Dein einziger Ausweg war nun ein gebrauchtes Fahrrad\ud83d\udeb2, um auf deine Arbeit zu kommen und an alle anderen \u2013nicht fu\u00dfl\u00e4ufig erreichbaren- Ziele zu gelangen.<\/p>\n<p>Dein gro\u00dfes Herz konnten dir beide Krankheiten nicht nehmen und so \u201eadoptiertest\u201c du aus dem Tierheim einen Hund\ud83d\udc36, dem niemand eine Chance geben wollte. Viel zu gro\u00df und viel zu gef\u00e4hrlich und dann auch noch nur 3 Beine.<\/p>\n<p>Mittlerweile ist dein gr\u00f6\u00dfter Schatz Carlson 9 Jahre alt. Du versuchst, ihm ein sch\u00f6nes Leben zu erm\u00f6glichen. Um ihm die Welt zu zeigen und ihn m\u00f6glichst \u00fcberall mit hinzunehmen, sitzt der 30 kg schwere R\u00fcde im Fahrradanh\u00e4nger und genie\u00dft die frische Luft\ud83c\udf1e.<\/p>\n<p>Schlimm war es f\u00fcr euch beide, als dein Fahrrad kaputt gegangen ist. Eine Reparatur w\u00fcrde sich nicht lohnen. Da ein neues Fahrrad deine finanziellen Mittel \u00fcbersteigen w\u00fcrden, suchtest du nach einem gebrauchten Fahrrad. Eine Freundin wandte sich an uns mit der Bitte, dir zu helfen.<\/p>\n<p>Mittel-Punkt erf\u00fcllte dir den Wunsch und du bekamst dein \u201eTraum-Fahrrad\u201c.\ud83e\udd70 Wir hoffen, ihr k\u00f6nnt lange gemeinsame Touren erleben und w\u00fcnschen dir f\u00fcr die Zukunft alles Gute\ud83c\udf40.<\/p>\n","protected":false},"featured_media":1961,"menu_order":0,"template":"","format":"standard","meta":{"_acf_changed":false,"ocean_post_layout":"","ocean_both_sidebars_style":"","ocean_both_sidebars_content_width":0,"ocean_both_sidebars_sidebars_width":0,"ocean_sidebar":"","ocean_second_sidebar":"","ocean_disable_margins":"enable","ocean_add_body_class":"","ocean_shortcode_before_top_bar":"","ocean_shortcode_after_top_bar":"","ocean_shortcode_before_header":"","ocean_shortcode_after_header":"","ocean_has_shortcode":"","ocean_shortcode_after_title":"","ocean_shortcode_before_footer_widgets":"","ocean_shortcode_after_footer_widgets":"","ocean_shortcode_before_footer_bottom":"","ocean_shortcode_after_footer_bottom":"","ocean_display_top_bar":"default","ocean_display_header":"default","ocean_header_style":"","ocean_center_header_left_menu":"","ocean_custom_header_template":"","ocean_custom_logo":0,"ocean_custom_retina_logo":0,"ocean_custom_logo_max_width":0,"ocean_custom_logo_tablet_max_width":0,"ocean_custom_logo_mobile_max_width":0,"ocean_custom_logo_max_height":0,"ocean_custom_logo_tablet_max_height":0,"ocean_custom_logo_mobile_max_height":0,"ocean_header_custom_menu":"","ocean_menu_typo_font_family":"","ocean_menu_typo_font_subset":"","ocean_menu_typo_font_size":0,"ocean_menu_typo_font_size_tablet":0,"ocean_menu_typo_font_size_mobile":0,"ocean_menu_typo_font_size_unit":"px","ocean_menu_typo_font_weight":"","ocean_menu_typo_font_weight_tablet":"","ocean_menu_typo_font_weight_mobile":"","ocean_menu_typo_transform":"","ocean_menu_typo_transform_tablet":"","ocean_menu_typo_transform_mobile":"","ocean_menu_typo_line_height":0,"ocean_menu_typo_line_height_tablet":0,"ocean_menu_typo_line_height_mobile":0,"ocean_menu_typo_line_height_unit":"","ocean_menu_typo_spacing":0,"ocean_menu_typo_spacing_tablet":0,"ocean_menu_typo_spacing_mobile":0,"ocean_menu_typo_spacing_unit":"","ocean_menu_link_color":"","ocean_menu_link_color_hover":"","ocean_menu_link_color_active":"","ocean_menu_link_background":"","ocean_menu_link_hover_background":"","ocean_menu_link_active_background":"","ocean_menu_social_links_bg":"","ocean_menu_social_hover_links_bg":"","ocean_menu_social_links_color":"","ocean_menu_social_hover_links_color":"","ocean_disable_title":"default","ocean_disable_heading":"default","ocean_post_title":"","ocean_post_subheading":"","ocean_post_title_style":"","ocean_post_title_background_color":"","ocean_post_title_background":0,"ocean_post_title_bg_image_position":"","ocean_post_title_bg_image_attachment":"","ocean_post_title_bg_image_repeat":"","ocean_post_title_bg_image_size":"","ocean_post_title_height":0,"ocean_post_title_bg_overlay":0.5,"ocean_post_title_bg_overlay_color":"","ocean_disable_breadcrumbs":"default","ocean_breadcrumbs_color":"","ocean_breadcrumbs_separator_color":"","ocean_breadcrumbs_links_color":"","ocean_breadcrumbs_links_hover_color":"","ocean_display_footer_widgets":"default","ocean_display_footer_bottom":"default","ocean_custom_footer_template":""},"categories":[12],"tags":[],"class_list":["post-1959","puenktchen","type-puenktchen","status-publish","format-standard","has-post-thumbnail","hentry","category-punktchen","entry","has-media"],"acf":[],"_links":{"self":[{"href":"http:\/\/www.mittel-punkt-ev.de\/index.php?rest_route=\/wp\/v2\/puenktchen\/1959","targetHints":{"allow":["GET"]}}],"collection":[{"href":"http:\/\/www.mittel-punkt-ev.de\/index.php?rest_route=\/wp\/v2\/puenktchen"}],"about":[{"href":"http:\/\/www.mittel-punkt-ev.de\/index.php?rest_route=\/wp\/v2\/types\/puenktchen"}],"version-history":[{"count":1,"href":"http:\/\/www.mittel-punkt-ev.de\/index.php?rest_route=\/wp\/v2\/puenktchen\/1959\/revisions"}],"predecessor-version":[{"id":1964,"href":"http:\/\/www.mittel-punkt-ev.de\/index.php?rest_route=\/wp\/v2\/puenktchen\/1959\/revisions\/1964"}],"wp:featuredmedia":[{"embeddable":true,"href":"http:\/\/www.mittel-punkt-ev.de\/index.php?rest_route=\/wp\/v2\/media\/1961"}],"wp:attachment":[{"href":"http:\/\/www.mittel-punkt-ev.de\/index.php?rest_route=%2Fwp%2Fv2%2Fmedia&parent=1959"}],"wp:term":[{"taxonomy":"category","embeddable":true,"href":"http:\/\/www.mittel-punkt-ev.de\/index.php?rest_route=%2Fwp%2Fv2%2Fcategories&post=1959"},{"taxonomy":"post_tag","embeddable":true,"href":"http:\/\/www.mittel-punkt-ev.de\/index.php?rest_route=%2Fwp%2Fv2%2Ftags&post=1959"}],"curies":[{"name":"wp","href":"https:\/\/api.w.org\/{rel}","templated":true}]}}