{"id":2164,"date":"2024-06-04T10:24:12","date_gmt":"2024-06-04T09:24:12","guid":{"rendered":"https:\/\/www.mittel-punkt-ev.de\/?post_type=puenktchen&#038;p=2164"},"modified":"2024-09-04T10:26:28","modified_gmt":"2024-09-04T09:26:28","slug":"lena-juni-24","status":"publish","type":"puenktchen","link":"http:\/\/www.mittel-punkt-ev.de\/?puenktchen=lena-juni-24","title":{"rendered":"Lena &#8211; Juni 24"},"content":{"rendered":"<div class=\"moz-text-html\" lang=\"x-unicode\">\n<div>\n<div class=\"moz-text-html\" lang=\"x-unicode\">\n<div>\n<p>Liebe Lena,\ud83d\udd34\ud83c\udf40\ud83d\udd34<\/p>\n<p>der 30.06. ist DEIN Tag\u263a\ufe0f\ud83c\udf40. Ein Tag, an dem sich f\u00fcr Dich vieles zum Positiven ver\u00e4nderte. Du solltest noch eine Chance f\u00fcr dieses wundervolle Leben bekommen\u2764\ufe0f.<\/p>\n<p>2-mal hast Du gegen Leuk\u00e4mie gek\u00e4mpft\ud83d\udcaa. Viele emotionale H\u00f6hen und Tiefen begleiteten Dich und Deine Familie\ud83d\udc68\u200d\ud83d\udc69\u200d\ud83d\udc67\u200d\ud83d\udc67. Welch wundersch\u00f6ner Moment war es im Mai 2021, als der Arzt Euch sagte, dass der dringend ben\u00f6tigte Knochenmarkspender gefunden sei\ud83c\udf40\ud83d\ude4f.<\/p>\n<p>Am 30.06.2021 wurde transplantiert. Danach musstest Du 6 lange Wochen auf einer Isolierstation liegen- unvorstellbar\ud83d\ude48. Und wieder dieses Warten\u2026.dieses unendliche Warten auf den Satz: \u201eLena, die Zellen sind angewachsen\u201c. Doch Euer Warten wurde belohnt und als man diese Worte zu Euch sprach, wart ihr \u00fcbergl\u00fccklich\ud83d\ude00\u263a\ufe0f.<\/p>\n<p>Dieser Tag, dieser 30.06.2021, ist f\u00fcr Dich so wichtig und emotional, dass Du dieses Ereignis f\u00fcr immer verewigt haben wolltest. Du hast dir ein Tattoo stechen lassen, welches wir als Verein finanziert haben\ud83e\udd70.<\/p>\n<p>Wir w\u00fcnschen Dir vor allem, dass Du gesund bleibst und dass Du weiter so fr\u00f6hlich durch dieses Leben gehen kannst\ud83c\udf40\u2764\ufe0f\ud83d\ude4f.<\/p>\n<p>(Anmerkung: Tattoos sind unter anderem Ausdruck eines gro\u00dfen emotionalen Einschnitts im Leben. Sie lassen einen tiefen Blick in die verwundete Seele zu. Wer sich darauf einl\u00e4sst, sp\u00fcrt das Wesentliche &#8211; neben den Tr\u00e4nen n\u00e4mlich auch das empfundene Gl\u00fcck. Quelle: MZ<\/p>\n<\/div>\n<\/div>\n<\/div>\n<\/div>\n","protected":false},"featured_media":2167,"menu_order":0,"template":"","format":"standard","meta":{"_acf_changed":false,"ocean_post_layout":"","ocean_both_sidebars_style":"","ocean_both_sidebars_content_width":0,"ocean_both_sidebars_sidebars_width":0,"ocean_sidebar":"","ocean_second_sidebar":"","ocean_disable_margins":"enable","ocean_add_body_class":"","ocean_shortcode_before_top_bar":"","ocean_shortcode_after_top_bar":"","ocean_shortcode_before_header":"","ocean_shortcode_after_header":"","ocean_has_shortcode":"","ocean_shortcode_after_title":"","ocean_shortcode_before_footer_widgets":"","ocean_shortcode_after_footer_widgets":"","ocean_shortcode_before_footer_bottom":"","ocean_shortcode_after_footer_bottom":"","ocean_display_top_bar":"default","ocean_display_header":"default","ocean_header_style":"","ocean_center_header_left_menu":"","ocean_custom_header_template":"","ocean_custom_logo":0,"ocean_custom_retina_logo":0,"ocean_custom_logo_max_width":0,"ocean_custom_logo_tablet_max_width":0,"ocean_custom_logo_mobile_max_width":0,"ocean_custom_logo_max_height":0,"ocean_custom_logo_tablet_max_height":0,"ocean_custom_logo_mobile_max_height":0,"ocean_header_custom_menu":"","ocean_menu_typo_font_family":"","ocean_menu_typo_font_subset":"","ocean_menu_typo_font_size":0,"ocean_menu_typo_font_size_tablet":0,"ocean_menu_typo_font_size_mobile":0,"ocean_menu_typo_font_size_unit":"px","ocean_menu_typo_font_weight":"","ocean_menu_typo_font_weight_tablet":"","ocean_menu_typo_font_weight_mobile":"","ocean_menu_typo_transform":"","ocean_menu_typo_transform_tablet":"","ocean_menu_typo_transform_mobile":"","ocean_menu_typo_line_height":0,"ocean_menu_typo_line_height_tablet":0,"ocean_menu_typo_line_height_mobile":0,"ocean_menu_typo_line_height_unit":"","ocean_menu_typo_spacing":0,"ocean_menu_typo_spacing_tablet":0,"ocean_menu_typo_spacing_mobile":0,"ocean_menu_typo_spacing_unit":"","ocean_menu_link_color":"","ocean_menu_link_color_hover":"","ocean_menu_link_color_active":"","ocean_menu_link_background":"","ocean_menu_link_hover_background":"","ocean_menu_link_active_background":"","ocean_menu_social_links_bg":"","ocean_menu_social_hover_links_bg":"","ocean_menu_social_links_color":"","ocean_menu_social_hover_links_color":"","ocean_disable_title":"default","ocean_disable_heading":"default","ocean_post_title":"","ocean_post_subheading":"","ocean_post_title_style":"","ocean_post_title_background_color":"","ocean_post_title_background":0,"ocean_post_title_bg_image_position":"","ocean_post_title_bg_image_attachment":"","ocean_post_title_bg_image_repeat":"","ocean_post_title_bg_image_size":"","ocean_post_title_height":0,"ocean_post_title_bg_overlay":0.5,"ocean_post_title_bg_overlay_color":"","ocean_disable_breadcrumbs":"default","ocean_breadcrumbs_color":"","ocean_breadcrumbs_separator_color":"","ocean_breadcrumbs_links_color":"","ocean_breadcrumbs_links_hover_color":"","ocean_display_footer_widgets":"default","ocean_display_footer_bottom":"default","ocean_custom_footer_template":""},"categories":[19,12],"tags":[],"class_list":["post-2164","puenktchen","type-puenktchen","status-publish","format-standard","has-post-thumbnail","hentry","category-lena","category-punktchen","entry","has-media"],"acf":[],"_links":{"self":[{"href":"http:\/\/www.mittel-punkt-ev.de\/index.php?rest_route=\/wp\/v2\/puenktchen\/2164","targetHints":{"allow":["GET"]}}],"collection":[{"href":"http:\/\/www.mittel-punkt-ev.de\/index.php?rest_route=\/wp\/v2\/puenktchen"}],"about":[{"href":"http:\/\/www.mittel-punkt-ev.de\/index.php?rest_route=\/wp\/v2\/types\/puenktchen"}],"version-history":[{"count":3,"href":"http:\/\/www.mittel-punkt-ev.de\/index.php?rest_route=\/wp\/v2\/puenktchen\/2164\/revisions"}],"predecessor-version":[{"id":2170,"href":"http:\/\/www.mittel-punkt-ev.de\/index.php?rest_route=\/wp\/v2\/puenktchen\/2164\/revisions\/2170"}],"wp:featuredmedia":[{"embeddable":true,"href":"http:\/\/www.mittel-punkt-ev.de\/index.php?rest_route=\/wp\/v2\/media\/2167"}],"wp:attachment":[{"href":"http:\/\/www.mittel-punkt-ev.de\/index.php?rest_route=%2Fwp%2Fv2%2Fmedia&parent=2164"}],"wp:term":[{"taxonomy":"category","embeddable":true,"href":"http:\/\/www.mittel-punkt-ev.de\/index.php?rest_route=%2Fwp%2Fv2%2Fcategories&post=2164"},{"taxonomy":"post_tag","embeddable":true,"href":"http:\/\/www.mittel-punkt-ev.de\/index.php?rest_route=%2Fwp%2Fv2%2Ftags&post=2164"}],"curies":[{"name":"wp","href":"https:\/\/api.w.org\/{rel}","templated":true}]}}